{"id":554,"date":"2025-01-13T10:47:53","date_gmt":"2025-01-13T08:47:53","guid":{"rendered":"https:\/\/page-project.eu\/le-projet\/"},"modified":"2025-07-08T15:38:05","modified_gmt":"2025-07-08T13:38:05","slug":"le-projet","status":"publish","type":"page","link":"https:\/\/page-project.eu\/fr\/le-projet\/","title":{"rendered":"Le projet"},"content":{"rendered":"\n<p>Le projet europ\u00e9en PAGE vise \u00e0 promouvoir l&rsquo;inclusion sociale et l&rsquo;innovation dans les secteurs de la culture et de l&rsquo;\u00e9dition en d\u00e9veloppant des livres et des outils adapt\u00e9s aux besoins des adultes atteints de d\u00e9ficiences intellectuelles et de troubles du d\u00e9veloppement intellectuel (TDI).<\/p>\n\n<h2 class=\"wp-block-heading\">Contexte et d\u00e9fis<\/h2>\n\n<p>Les d\u00e9fis li\u00e9s \u00e0 l&rsquo;accessibilit\u00e9 cognitive pour les personnes atteintes de d\u00e9ficiences intellectuelles et de d\u00e9veloppement (TDI) en Europe sont nombreux :<\/p>\n\n<ol class=\"wp-block-list\">\n<li><strong>Manque de donn\u00e9es :<\/strong> Peu d&rsquo;\u00e9tudes explorent la participation des personnes avec un TDI \u00e0 la lecture en tant qu&rsquo;activit\u00e9 culturelle, ce qui rend difficile l&rsquo;\u00e9laboration de solutions adapt\u00e9es. PAGE vise \u00e0 inclure les personnes avec un TDI dans la recherche afin de mieux comprendre leurs besoins. <\/li>\n\n\n\n<li><strong>Offre quasi inexistante de livres adapt\u00e9s :<\/strong> Les adultes atteints de TDI manquent de livres adapt\u00e9s \u00e0 leurs capacit\u00e9s, la litt\u00e9rature d\u00e9di\u00e9e \u00e0 ce public \u00e9tant quasiment inexistante. PAGE publiera une s\u00e9rie de livres en langage simplifi\u00e9. <\/li>\n\n\n\n<li><strong>Participation tr\u00e8s limit\u00e9e des personnes handicap\u00e9es :<\/strong> Les personnes handicap\u00e9es acc\u00e8dent rarement aux clubs de lecture ou aux activit\u00e9s litt\u00e9raires, qui sont souvent inadapt\u00e9es \u00e0 leurs comp\u00e9tences. PAGE d\u00e9veloppera des activit\u00e9s inclusives pour promouvoir leur implication culturelle. <\/li>\n\n\n\n<li><strong>Outils num\u00e9riques insuffisants :<\/strong> Les livres num\u00e9riques existants manquent de caract\u00e9ristiques sp\u00e9cifiques, telles que le vocabulaire simplifi\u00e9. PAGE d\u00e9veloppera une application d\u00e9di\u00e9e pour am\u00e9liorer la compr\u00e9hension et l\u2019accessibilit\u00e9 cognitive. <\/li>\n<\/ol>\n\n<h2 class=\"wp-block-heading\">Objectifs du projet PAGE<\/h2>\n\n<p>Le projet PAGE vise \u00e0 rem\u00e9dier au manque de publications accessibles aux personnes atteintes d\u2019un handicap mental en utilisant des techniques telles que le langage simplifi\u00e9, la communication am\u00e9lior\u00e9e et alternative (CAA) et les innovations technologiques (applications interactives).<\/p>\n\n<h2 class=\"wp-block-heading\">Alignement strat\u00e9gique<\/h2>\n\n<p>Le projet s&rsquo;aligne sur les priorit\u00e9s de l&rsquo;Acte europ\u00e9en sur l&rsquo;accessibilit\u00e9 et de la Strat\u00e9gie europ\u00e9enne sur les droits des personnes handicap\u00e9es (2021-2030), tout en soutenant la diversit\u00e9 culturelle et l&rsquo;innovation transnationale. Il contribue \u00e9galement au d\u00e9veloppement durable et inclusif du secteur europ\u00e9en de l&rsquo;\u00e9dition gr\u00e2ce \u00e0 une approche int\u00e9grant l&rsquo;accessibilit\u00e9, la cr\u00e9ativit\u00e9 et la technologie num\u00e9rique. <\/p>\n\n<h2 class=\"wp-block-heading\">Phases du projet<\/h2>\n\n<p>Le projet PAGE se compose de cinq phases principales :<\/p>\n\n<ol class=\"wp-block-list\">\n<li><strong>Recherche (WP2) :<\/strong> Identification des besoins d&rsquo;accessibilit\u00e9 des personnes avec un TDI par le biais de groupes de discussion et d&rsquo;enqu\u00eates impliquant les PIDD, leurs familles et le secteur de l&rsquo;\u00e9dition. Un rapport final d\u00e9finira les crit\u00e8res d&rsquo;accessibilit\u00e9 des livres, des activit\u00e9s culturelles et de l&rsquo;application PAGE. <\/li>\n\n\n\n<li><strong>Publication de livres accessibles (WP3) :<\/strong> Organisation d&rsquo;un concours litt\u00e9raire pour publier un livre adapt\u00e9 dans chaque pays partenaire, traduit dans les langues du projet, afin de promouvoir une litt\u00e9rature inclusive.<\/li>\n\n\n\n<li><strong>Activit\u00e9s culturelles (WP4) :<\/strong> D\u00e9velopper une bo\u00eete \u00e0 outils pour organiser des clubs de lecture et des ateliers d&rsquo;\u00e9criture pour les personnes handicap\u00e9es. Ces activit\u00e9s stimuleront la cr\u00e9ativit\u00e9 et testeront l&rsquo;accessibilit\u00e9 des livres et de l&rsquo;application PAGE. <\/li>\n\n\n\n<li><strong>D\u00e9veloppement d\u2019applications (WP5) :<\/strong> Concevoir une application qui inclut un vocabulaire simplifi\u00e9, test\u00e9 et affin\u00e9 sur la base des commentaires des personnes avec un TDI lors des activit\u00e9s culturelles.<\/li>\n\n\n\n<li><strong>Gestion et diffusion (WP1 &amp; WP6) :<\/strong> Superviser la coordination g\u00e9n\u00e9rale, l&rsquo;assurance qualit\u00e9 et la diffusion des r\u00e9sultats pour assurer la durabilit\u00e9 et l&rsquo;impact du projet.<\/li>\n<\/ol>\n\n<p>Le projet PAGE combine l&rsquo;accessibilit\u00e9, la cr\u00e9ativit\u00e9 et la technologie num\u00e9rique pour rendre la culture accessible \u00e0 tous. En encourageant la participation active des personnes avec un TDI, PAGE contribue au d\u00e9veloppement durable et inclusif du secteur europ\u00e9en de l&rsquo;\u00e9dition. <\/p>\n\n<p>Vous souhaitez en savoir plus sur le projet PAGE ou participer \u00e0 ses activit\u00e9s ? N&rsquo;h\u00e9sitez pas \u00e0 nous contacter ! <\/p>\n","protected":false},"excerpt":{"rendered":"<p>Le projet europ\u00e9en PAGE vise \u00e0 promouvoir l&rsquo;inclusion sociale et l&rsquo;innovation dans les secteurs de la culture et de l&rsquo;\u00e9dition en d\u00e9veloppant des livres et des outils adapt\u00e9s aux besoins des adultes atteints de d\u00e9ficiences intellectuelles et de troubles du d\u00e9veloppement intellectuel (TDI). Contexte et d\u00e9fis Les d\u00e9fis li\u00e9s \u00e0 l&rsquo;accessibilit\u00e9 cognitive pour les personnes [&hellip;]<\/p>\n","protected":false},"author":1,"featured_media":0,"parent":0,"menu_order":0,"comment_status":"closed","ping_status":"closed","template":"","meta":{"_et_pb_use_builder":"off","_et_pb_old_content":"","_et_gb_content_width":"","footnotes":""},"class_list":["post-554","page","type-page","status-publish","hentry"],"_links":{"self":[{"href":"https:\/\/page-project.eu\/fr\/wp-json\/wp\/v2\/pages\/554","targetHints":{"allow":["GET"]}}],"collection":[{"href":"https:\/\/page-project.eu\/fr\/wp-json\/wp\/v2\/pages"}],"about":[{"href":"https:\/\/page-project.eu\/fr\/wp-json\/wp\/v2\/types\/page"}],"author":[{"embeddable":true,"href":"https:\/\/page-project.eu\/fr\/wp-json\/wp\/v2\/users\/1"}],"replies":[{"embeddable":true,"href":"https:\/\/page-project.eu\/fr\/wp-json\/wp\/v2\/comments?post=554"}],"version-history":[{"count":6,"href":"https:\/\/page-project.eu\/fr\/wp-json\/wp\/v2\/pages\/554\/revisions"}],"predecessor-version":[{"id":913,"href":"https:\/\/page-project.eu\/fr\/wp-json\/wp\/v2\/pages\/554\/revisions\/913"}],"wp:attachment":[{"href":"https:\/\/page-project.eu\/fr\/wp-json\/wp\/v2\/media?parent=554"}],"curies":[{"name":"wp","href":"https:\/\/api.w.org\/{rel}","templated":true}]}}